{"id":3,"date":"2019-08-18T13:17:52","date_gmt":"2019-08-18T11:17:52","guid":{"rendered":"https:\/\/clever.care\/?page_id=3"},"modified":"2026-03-23T14:44:53","modified_gmt":"2026-03-23T13:44:53","slug":"datenschutzerklaerung","status":"publish","type":"page","link":"https:\/\/clever.care\/de\/datenschutzerklaerung\/","title":{"rendered":"Datenschutzerkl\u00e4rung"},"content":{"rendered":"\t\t<div data-elementor-type=\"wp-post\" data-elementor-id=\"3\" class=\"elementor elementor-3\" data-elementor-settings=\"{&quot;ha_cmc_init_switcher&quot;:&quot;no&quot;}\">\n\t\t\t\t\t\t<section class=\"elementor-section elementor-top-section elementor-element elementor-element-5c89a222 elementor-section-boxed elementor-section-height-default elementor-section-height-default\" data-id=\"5c89a222\" data-element_type=\"section\" data-e-type=\"section\" data-settings=\"{&quot;_ha_eqh_enable&quot;:false}\">\n\t\t\t\t\t\t<div class=\"elementor-container elementor-column-gap-default\">\n\t\t\t\t\t<div class=\"elementor-column elementor-col-100 elementor-top-column elementor-element elementor-element-4638d5f7\" data-id=\"4638d5f7\" data-element_type=\"column\" data-e-type=\"column\">\n\t\t\t<div class=\"elementor-widget-wrap elementor-element-populated\">\n\t\t\t\t\t\t<div class=\"elementor-element elementor-element-7ebcfb8 elementor-widget elementor-widget-text-editor\" data-id=\"7ebcfb8\" data-element_type=\"widget\" data-e-type=\"widget\" data-widget_type=\"text-editor.default\">\n\t\t\t\t<div class=\"elementor-widget-container\">\n\t\t\t\t\t\t\t\t\t<p>Version September 2019<\/p><h1><span>Datenschutzerkl\u00e4rung nach der DSGVO<\/span><\/h1><p><strong>\u00dcberblick<\/strong><\/p><p><span>A. Name und Anschrift des Verantwortlichen<br \/><\/span><span>B. Name und Anschrift des Datenschutzbeauftragten<br \/><\/span><span>C. Allgemeines zur Datenverarbeitung<br \/><\/span><span>D. Verwendung von Cookies<br \/><\/span><span>E. Kontaktformular und E-Mail-Kontakt<br \/><\/span><span>F. Webanalyse durch Google Analytics<br \/><\/span><span>G. Rechte der betroffenen Person<\/span><span>\u00a0<\/span><\/p><h1><a><\/a>A.\u00a0<span>Name und Anschrift des Verantwortlichen<\/span><\/h1><p><span>Der Verantwortliche im Sinne der Datenschutz-Grundverordnung und anderer nationaler Datenschutzgesetze der Mitgliedsstaaten <\/span><span>sowie sonstiger datenschutzrechtlicher Bestimmungen ist die:<\/span><\/p><p><strong>Clever.Care AG<\/strong><br \/><span>Breisacherstrasse 43a<\/span><br \/>4057 Basel<br \/>Schweiz<\/p><p>Tel.: +41 61 272 20 00<br \/>E-Mail: datenschutz@clever.care<br \/>Website: www.clever.care<\/p><h1><a><\/a>B.\u00a0<span>Name und Anschrift des Datenschutzbeauftragten<\/span><\/h1><p><span>Der Datenschutzbeauftragte des Verantwortlichen \u00a0wird benannt, sobald der Verantwortliche mehr als 10 Mitarbeiter z\u00e4hlt.<\/span><\/p><h1><a><\/a>C.\u00a0<span>Allgemeines zur Datenverarbeitung<\/span><\/h1><h2>I.\u00a0<span>Umfang der Verarbeitung personenbezogener Daten<\/span><\/h2><p><span>Wir verarbeiten personenbezogene Daten unserer Nutzer grunds\u00e4tzlich nur, soweit dies zur Bereitstellung einer funktionsf\u00e4higen Website sowie unserer Inhalte und Leistungen erforderlich ist. Die Verarbeitung personenbezogener Daten unserer Nutzer erfolgt regelm\u00e4ssig nur nach Einwilligung des Nutzers. Eine Ausnahme gilt in solchen F\u00e4llen, in denen eine vorherige Einholung einer Einwilligung aus tats\u00e4chlichen Gr\u00fcnden nicht m\u00f6glich ist und die Verarbeitung der Daten durch gesetzliche Vorschriften gestattet ist. <\/span><\/p><h2>II.\u00a0<span>Rechtsgrundlage f\u00fcr die Verarbeitung personenbezogener Daten<\/span><\/h2><p><span>Soweit wir f\u00fcr Verarbeitungsvorg\u00e4nge personenbezogener Daten eine Einwilligung der betroffenen Person einholen, dient Art.\u00a06 Abs.\u00a01 lit.\u00a0a EU-Datenschutzgrundverordnung (DSGVO) als Rechtsgrundlage.<\/span><\/p><p><span>Bei der Verarbeitung von personenbezogenen Daten, die zur Erf\u00fcllung eines Vertrages, dessen Vertragspartei die betroffene Person ist, erforderlich ist, dient Art.\u00a06 Abs.\u00a01 lit.\u00a0b DSGVO als Rechtsgrundlage. Dies gilt auch f\u00fcr Verarbeitungsvorg\u00e4nge, die zur Durchf\u00fchrung vorvertraglicher Massnahmen erforderlich sind.<\/span><\/p><p><span>Soweit eine Verarbeitung personenbezogener Daten zur Erf\u00fcllung einer rechtlichen Verpflichtung erforderlich ist, der unser Unternehmen unterliegt, dient Art.\u00a06 Abs.\u00a01 lit.\u00a0c DSGVO als Rechtsgrundlage.<\/span><\/p><p><span>F\u00fcr den Fall, dass lebenswichtige Interessen der betroffenen Person oder einer anderen nat\u00fcrlichen Person eine Verarbeitung personenbezogener Daten erforderlich machen, dient Art.\u00a06 Abs.\u00a01 lit.\u00a0d DSGVO als Rechtsgrundlage.<\/span><\/p><p><span>Ist die Verarbeitung zur Wahrung eines berechtigten Interesses unseres Unternehmens oder eines Dritten erforderlich und \u00fcberwiegen die Interessen, Grundrechte und Grundfreiheiten des Betroffenen das erstgenannte Interesse nicht, so dient Art.\u00a06 Abs.\u00a01 lit.\u00a0f DSGVO als Rechtsgrundlage f\u00fcr die Verarbeitung. <\/span><\/p><h2>III.\u00a0<span>Datenl\u00f6schung und Speicherdauer<\/span><\/h2><p><span>Die personenbezogenen Daten der betroffenen Person werden gel\u00f6scht oder gesperrt, sobald der Zweck der Speicherung entf\u00e4llt. Eine Speicherung kann dar\u00fcber hinaus erfolgen, wenn dies durch den europ\u00e4ischen oder nationalen Gesetzgeber in unionsrechtlichen Verordnungen, Gesetzen oder sonstigen Vorschriften, denen der Verantwortliche unterliegt, vorgesehen wurde. Eine Sperrung oder L\u00f6schung der Daten erfolgt auch dann, wenn eine durch die genannten Normen vorgeschriebene Speicherfrist abl\u00e4uft, es sei denn, dass eine Erforderlichkeit zur weiteren Speicherung der Daten f\u00fcr einen Vertragsabschluss oder eine Vertragserf\u00fcllung besteht.<\/span><\/p><h1><a><\/a>D.\u00a0<span>Verwendung von Cookies<\/span><\/h1><p><strong><span>a) Beschreibung und Umfang der Datenverarbeitung<\/span><\/strong><\/p><p><span>Unsere Webseite verwendet Cookies. Bei Cookies handelt es sich um Textdateien, die im Internetbrowser bzw. vom Internetbrowser auf dem Computersystem des Nutzers gespeichert werden. Ruft ein Nutzer eine Website auf, so kann ein Cookie auf dem Betriebssystem des Nutzers gespeichert werden. Dieser Cookie enth\u00e4lt eine charakteristische Zeichenfolge, die eine eindeutige Identifizierung des Browsers beim erneuten Aufrufen der Website erm\u00f6glicht. <\/span><\/p><p>Wir setzen Cookies ein, um unsere Website nutzerfreundlicher zu gestalten. Einige Elemente unserer Internetseite erfordern es, dass der aufrufende Browser auch nach einem Seitenwechsel identifiziert werden kann.<\/p><p>In den Cookies werden dabei folgende Daten gespeichert und \u00fcbermittelt:<\/p><ul><li>Spracheinstellungen<\/li><li>Cookie-Einstellungen<\/li><\/ul><p><span>Konkret werden die folgenden Cookies verwendet:<\/span><\/p><table class=\"cookielawinfo-row-cat-table cookielawinfo-classic\"><thead><tr><th class=\"cookielawinfo-column-1\">Cookie<\/th><th class=\"cookielawinfo-column-2\">Typ<\/th><th class=\"cookielawinfo-column-3\">Dauer<\/th><th class=\"cookielawinfo-column-4\">Beschreibung<\/th><\/tr><\/thead><tbody><tr class=\"cookielawinfo-row\"><td class=\"cookielawinfo-column-1\">cookielawinfo-checkbox-analytics<\/td><td class=\"cookielawinfo-column-2\">Session<\/td><td class=\"cookielawinfo-column-3\">1 Stunde<\/td><td class=\"cookielawinfo-column-4\">Der Cookie wird vom Plugin &#8222;GDPR Cookie Consent&#8220; gesetzt. Zweck ist die \u00dcberpr\u00fcfung, ob der Nutzer seine Zustimmung zur Nutzung von Cookies der Kategorie &#8222;Analyse&#8220; gegeben hat.<\/td><\/tr><tr class=\"cookielawinfo-row\"><td class=\"cookielawinfo-column-1\">cookielawinfo-checkbox-necessary<\/td><td class=\"cookielawinfo-column-2\">Session<\/td><td class=\"cookielawinfo-column-3\">1 Stunde<\/td><td class=\"cookielawinfo-column-4\">Der Cookie wird vom Plugin &#8222;GDPR Cookie Consent&#8220; gesetzt. Zweck ist die \u00dcberpr\u00fcfung, ob der Nutzer seine Zustimmung zur Nutzung von Cookies der Kategorie &#8222;Technisch notwendig&#8220; gegeben hat.<\/td><\/tr><tr class=\"cookielawinfo-row\"><td class=\"cookielawinfo-column-1\">viewed_cookie_policy<\/td><td class=\"cookielawinfo-column-2\">Session<\/td><td class=\"cookielawinfo-column-3\">1 Stunde<\/td><td class=\"cookielawinfo-column-4\">Der Cookie wird vom Plugin &#8222;GDPR Cookie Consent&#8220; gesetzt. Es speichert ob ein Nutzer der Verwendung von Cookies zugestimmt hat oder nicht. Es speichert keine personenbezogenen Daten.<\/td><\/tr><\/tbody><\/table><p>Wir verwenden auf unserer Website dar\u00fcber hinaus Cookies, die eine Analyse des Surfverhaltens der Nutzer erm\u00f6glichen.<\/p><p>Auf diese Weise k\u00f6nnen folgende Daten \u00fcbermittelt werden:<\/p><ul><li>H\u00e4ufigkeit von Seitenaufrufen<\/li><li>Inanspruchnahme von Website-Funktionen<\/li><\/ul><p><span>Konkret werden die folgenden Cookies verwendet:<\/span><\/p><table class=\"cookielawinfo-row-cat-table cookielawinfo-classic\"><thead><tr><th class=\"cookielawinfo-column-1\">Cookie<\/th><th class=\"cookielawinfo-column-2\">Typ<\/th><th class=\"cookielawinfo-column-3\">Dauer<\/th><th class=\"cookielawinfo-column-4\">Beschreibung<\/th><\/tr><\/thead><tbody><tr class=\"cookielawinfo-row\"><td class=\"cookielawinfo-column-1\">_ga<\/td><td class=\"cookielawinfo-column-2\">Drittanbieter<\/td><td class=\"cookielawinfo-column-3\">2 Jahre<\/td><td class=\"cookielawinfo-column-4\">Dieser Cookie wird durch Google Analytics installiert. Der Cookie wird verwendet zur Ermittlung von Daten \u00fcber Besucher, Sitzungen und Kampagnen sowie zur Erhebung der Webseiten-Nutzung f\u00fcr Analyseberichte. Die Cookies speichern anonyme Informationen und weisen dem Besucher eine zuf\u00e4llig generierte Zahl zu um eindeutige Besucher (Unique Visitors) zu identifizieren.<\/td><\/tr><tr class=\"cookielawinfo-row\"><td class=\"cookielawinfo-column-1\">_gat<\/td><td class=\"cookielawinfo-column-2\">Drittanbieter<\/td><td class=\"cookielawinfo-column-3\">1 Minute<\/td><td class=\"cookielawinfo-column-4\">Dieser Cookie wird durch Google Universal Analytics installiert um die Anfragerate zu drosseln damit auf Webseiten mit hohem Verkehr das Sammeln von Daten limitiert werden kann.<\/td><\/tr><tr class=\"cookielawinfo-row\"><td class=\"cookielawinfo-column-1\">_gid<\/td><td class=\"cookielawinfo-column-2\">Drittanbieter<\/td><td class=\"cookielawinfo-column-3\">1 Tag<\/td><td class=\"cookielawinfo-column-4\">Dieser Cookie wird durch Google Analytics installiert. Der Cookie wird verwendet zur Speicherung von Informationen dar\u00fcber wie Besucher eine Webseite nutzen und hilft dabei Analyseberichte zu erstellen. Die gesammelten Daten umfassen in anonymisierter From die Anzahl Besucher, woher sie gekommen sind und die Seiten, die sie besucht haben.<\/td><\/tr><\/tbody><\/table><p><span>\u00a0<\/span><\/p><p>Die auf diese Weise erhobenen Daten der Nutzer werden durch technische Vorkehrungen pseudonymisiert. Daher ist eine Zuordnung der Daten zum aufrufenden Nutzer nicht mehr m\u00f6glich. Die Daten werden nicht gemeinsam mit sonstigen personenbezogenen Daten der Nutzer gespeichert.<\/p><p>Beim Aufruf unserer Website wird der Nutzer \u00fcber die Verwendung von Cookies zu Analysezwecken informiert und seine Einwilligung zur Verarbeitung der in diesem Zusammenhang verwendeten personenbezogenen Daten eingeholt. In diesem Zusammenhang erfolgt auch ein Hinweis auf diese Datenschutzerkl\u00e4rung.<\/p><p><strong><span>b) Rechtsgrundlage f\u00fcr die Datenverarbeitung <\/span><\/strong><\/p><p>Die Rechtsgrundlage f\u00fcr die Verarbeitung personenbezogener Daten unter Verwendung von Cookies ist Art.\u00a06 Abs.\u00a01 lit.\u00a0f DSGVO.<\/p><p><strong><span>c) Zweck der Datenverarbeitung<\/span><\/strong><\/p><p>Der Zweck der Verwendung technisch notwendiger Cookies ist, die Nutzung von Websites f\u00fcr die Nutzer zu vereinfachen. Einige Funktionen unserer Internetseite k\u00f6nnen ohne den Einsatz von Cookies nicht angeboten werden. F\u00fcr diese ist es erforderlich, dass der Browser auch nach einem Seitenwechsel wiedererkannt wird.<\/p><p>F\u00fcr folgende Anwendungen ben\u00f6tigen wir Cookies:<\/p><ul><li>\u00dcbernahme von Spracheinstellungen<\/li><li>Merken der Zustimmung zur Verwendung von Cookies<\/li><\/ul><p>Die durch technisch notwendige Cookies erhobenen Nutzerdaten werden nicht zur Erstellung von Nutzerprofilen verwendet.<\/p><p>Die Verwendung der Analyse-Cookies erfolgt zu dem Zweck, die Qualit\u00e4t unserer Website und ihre Inhalte zu verbessern. Durch die Analyse-Cookies erfahren wir, wie die Website genutzt wird und k\u00f6nnen so unser Angebot stetig optimieren.<\/p><p><span>In diesen Zwecken liegt auch unser berechtigtes Interesse in der Verarbeitung der personenbezogenen Daten nach Art.\u00a06 Abs.\u00a01 lit.\u00a0f DSGVO. <\/span><\/p><p><strong><span>e) Dauer der Speicherung, Widerspruchs- und Beseitigungsm\u00f6glichkeit<\/span><\/strong><\/p><p><span>Cookies werden auf dem Rechner des Nutzers gespeichert und von diesem an unserer Seite \u00fcbermittelt. Daher haben Sie als Nutzer auch die volle Kontrolle \u00fcber die Verwendung von Cookies. Durch eine \u00c4nderung der Einstellungen in Ihrem Internetbrowser k\u00f6nnen Sie die \u00dcbertragung von Cookies deaktivieren oder einschr\u00e4nken. Bereits gespeicherte Cookies k\u00f6nnen jederzeit gel\u00f6scht werden. Dies kann auch automatisiert erfolgen. Werden Cookies f\u00fcr unsere Website deaktiviert, k\u00f6nnen m\u00f6glicherweise nicht mehr alle Funktionen der Website vollumf\u00e4nglich genutzt werden.<\/span><\/p><h1><a><\/a>E. <span>Kontaktformular und E-Mail-Kontakt<\/span><\/h1><h2>IV. <span>Beschreibung und Umfang der Datenverarbeitung<\/span><\/h2><p><span>Auf unserer Internetseite ist ein Kontaktformular vorhanden, welches f\u00fcr die elektronische Kontaktaufnahme genutzt werden kann. Nimmt ein Nutzer diese M\u00f6glichkeit wahr, so werden die in der Eingabemaske eingegeben Daten an uns \u00fcbermittelt und gespeichert. Diese Daten sind:<\/span><\/p><ul><li>Vorname des Nutzers (erforderlich)<\/li><li>Nachname des Nutzers (erforderlich)<\/li><li>Institution des Nutzers (erforderlich)<\/li><li>Funktion des Nutzers in seiner Institution<\/li><li>E-Mail-Adresse des Nutzers (erforderlich)<\/li><li>Telefonnummer des Nutzers<\/li><li>Bemerkungen des Nutzers<\/li><\/ul><p><span>F\u00fcr die Verarbeitung der Daten wird im Rahmen des Absendevorgangs Ihre Einwilligung eingeholt und auf diese Datenschutzerkl\u00e4rung verwiesen.<\/span><\/p><p><span>Alternativ ist eine Kontaktaufnahme \u00fcber die bereitgestellte E-Mail-Adresse m\u00f6glich. In diesem Fall werden die mit der E-Mail \u00fcbermittelten personenbezogenen Daten des Nutzers gespeichert. <\/span><\/p><p><span>Es erfolgt in diesem Zusammenhang keine Weitergabe der Daten an Dritte. Die Daten werden ausschliesslich f\u00fcr die Verarbeitung der Konversation verwendet.<\/span><\/p><h2>V. <span>Rechtsgrundlage f\u00fcr die Datenverarbeitung <\/span><\/h2><p><span>Rechtsgrundlage f\u00fcr die Verarbeitung der Daten ist bei Vorliegen einer Einwilligung des Nutzers Art.\u00a06 Abs.\u00a01 lit.\u00a0a DSGVO.<\/span><\/p><p><span>Rechtsgrundlage f\u00fcr die Verarbeitung der Daten, die im Zuge einer \u00dcbersendung einer E-Mail \u00fcbermittelt werden, ist Art.\u00a06 Abs.\u00a01 lit.\u00a0f DSGVO. Zielt der E-Mail-Kontakt auf den Abschluss eines Vertrages ab, so ist zus\u00e4tzliche Rechtsgrundlage f\u00fcr die Verarbeitung Art.\u00a06 Abs.\u00a01 lit.\u00a0b DSGVO.<\/span><\/p><h2>VI. <span>Zweck der Datenverarbeitung<\/span><\/h2><p><span>Die Verarbeitung der personenbezogenen Daten aus der Eingabemaske dient uns allein zur Bearbeitung der Kontaktaufnahme. Im Falle einer Kontaktaufnahme per E-Mail liegt hieran auch das erforderliche berechtigte Interesse an der Verarbeitung der Daten.<\/span><\/p><p><span>Die sonstigen w\u00e4hrend des Absendevorgangs verarbeiteten personenbezogenen Daten dienen dazu, einen Missbrauch des Kontaktformulars zu verhindern und die Sicherheit unserer informationstechnischen Systeme sicherzustellen.<\/span><\/p><h2>VII. <span>Dauer der Speicherung<\/span><\/h2><p><span>Die Daten werden gel\u00f6scht, sobald sie f\u00fcr die Erreichung des Zweckes ihrer Erhebung nicht mehr erforderlich sind. F\u00fcr die personenbezogenen Daten aus der Eingabemaske des Kontaktformulars und diejenigen, die per E-Mail \u00fcbersandt wurden, ist dies dann der Fall, wenn die jeweilige Konversation mit dem Nutzer beendet ist. Beendet ist die Konversation dann, wenn sich aus den Umst\u00e4nden entnehmen l\u00e4sst, dass der betroffene Sachverhalt abschliessend gekl\u00e4rt ist. <\/span><\/p><p><span>Die w\u00e4hrend des Absendevorgangs zus\u00e4tzlich erhobenen personenbezogenen Daten werden sp\u00e4testens nach einer Frist von sieben Tagen gel\u00f6scht.<\/span><\/p><h2>VIII. <span>Widerspruchs- und Beseitigungsm\u00f6glichkeit<\/span><\/h2><p><span>Der Nutzer hat jederzeit die M\u00f6glichkeit, seine Einwilligung zur Verarbeitung der personenbezogenen Daten zu widerrufen. Nimmt der Nutzer per E-Mail Kontakt mit uns auf, so kann er der Speicherung seiner personenbezogenen Daten jederzeit widersprechen. In einem solchen Fall kann die Konversation nicht fortgef\u00fchrt werden.<\/span><span>\u00a0<\/span><\/p><p><span>Der Widerruf der Einwilligung und der Widerspruch der Speicherung sind per E-Mail unter Nennung des Vor- und Nachnamens sowie der Institution an den Verantwortlichen zu senden.<\/span><span>\u00a0<\/span><\/p><p><span>Alle personenbezogenen Daten, die im Zuge der Kontaktaufnahme gespeichert wurden, werden in diesem Fall gel\u00f6scht.<\/span><\/p><h1><a><\/a>F. <span>Webanalyse durch <\/span><span>Google Analytics<\/span><\/h1><h2>IX. <span>Umfang der Verarbeitung personenbezogener Daten<\/span><\/h2><p><span>Wir nutzen auf unserer Website Google Analytics zur Analyse des Surfverhaltens unserer Nutzer. Die Software setzt Cookies auf dem Rechner der Nutzer (zu Cookies siehe bereits oben). Werden Einzelseiten unserer Website aufgerufen, so werden folgende Daten gespeichert:<\/span><\/p><ul><li>Ein<span> Byte der IP-Adresse des aufrufenden Systems des Nutzers<\/span> bei IPv4 IP-Adressen und 10 Bytes der IP-Adresse des aufrufenden Systems des Nutzers bei IPv6 IP-Adressen.<\/li><li><span>Die aufgerufene Webseite<\/span><\/li><li><span>Die Website, von der der Nutzer auf die aufgerufene Webseite gelangt ist (Referrer)<\/span><\/li><li><span>Die Unterseiten, die von der aufgerufenen Webseite aus aufgerufen werden<\/span><\/li><li><span>Die Verweildauer auf der Webseite<\/span><\/li><li><span>Die H\u00e4ufigkeit des Aufrufs der Webseite<\/span><\/li><li><span>Die Sprache, in der die Webseite aufgerufen wird<\/span><\/li><li><span>Das Betriebssystem des aufrufenden Systems<\/span><\/li><li><span>Die Browserversion des verwendeten Browsers<\/span><\/li><li><span>Das Netzwerk, \u00fcber das die Webseite aufgerufen wird<\/span><\/li><\/ul><p>Die Software l\u00e4uft auf den Servern von Google. Dadurch findet eine Weitergabe der oben genannten Daten an einen Dritten statt.<\/p><p><span>Die Software ist so eingestellt, dass die IP-Adressen nicht vollst\u00e4ndig gespeichert werden, sondern 2 Bytes (IPv4) resp. 10 Bytes (IPv6) der IP-Adresse maskiert werden (Bsp.:\u00a0 192.168.31.xxx). Auf diese Weise ist eine Zuordnung der gek\u00fcrzten IP-Adresse zum aufrufenden Rechner nicht mehr m\u00f6glich.<\/span><\/p><h2>X. <span>Rechtsgrundlage f\u00fcr die Verarbeitung personenbezogener Daten<\/span><\/h2><p><span>Rechtsgrundlage f\u00fcr die Verarbeitung der personenbezogenen Daten der Nutzer ist Art.\u00a06 Abs.\u00a01 lit. f DSGVO.<\/span><\/p><h2>XI. <span>Zweck der Datenverarbeitung<\/span><\/h2><p>Die Verarbeitung der personenbezogenen Daten der Nutzer erm\u00f6glicht uns eine Analyse des Surfverhaltens unserer Nutzer. Wir sind in durch die Auswertung der gewonnen Daten in der Lage, Informationen \u00fcber die Nutzung der einzelnen Komponenten unserer Webseite zusammenzustellen. Dies hilft uns dabei unsere Webseite und deren Nutzerfreundlichkeit stetig zu verbessern. In diesen Zwecken liegt auch unser berechtigtes Interesse in der Verarbeitung der Daten nach Art. 6\u00a0Abs.\u00a01\u00a0lit.\u00a0f\u00a0DSGVO. Durch die Anonymisierung der IP-Adresse wird dem Interesse der Nutzer an deren Schutz personenbezogener Daten hinreichend Rechnung getragen.<\/p><h2>XII. <span>Dauer der Speicherung<\/span><\/h2><p><span>Die Daten werden gel\u00f6scht, sobald sie f\u00fcr unsere Aufzeichnungszwecke nicht mehr ben\u00f6tigt werden. <\/span><\/p><p>In unserem Fall ist dies nach 14 Monaten der Fall.<\/p><h2>XIII. <span>Widerspruchs- und Beseitigungsm\u00f6glichkeit<\/span><\/h2><p><span>Cookies werden auf dem Rechner des Nutzers gespeichert und von diesem an unserer Seite \u00fcbermittelt. Daher haben Sie als Nutzer auch die volle Kontrolle \u00fcber die Verwendung von Cookies. Durch eine \u00c4nderung der Einstellungen in Ihrem Internetbrowser k\u00f6nnen Sie die \u00dcbertragung von Cookies deaktivieren oder einschr\u00e4nken. Bereits gespeicherte Cookies k\u00f6nnen jederzeit gel\u00f6scht werden. Dies kann auch automatisiert erfolgen. Werden Cookies f\u00fcr unsere Website deaktiviert, k\u00f6nnen m\u00f6glicherweise nicht mehr alle Funktionen der Website vollumf\u00e4nglich genutzt werden.<\/span><\/p><p><span>N\u00e4here Informationen zu den Privatsph\u00e4reeinstellungen von Google Analytics finden Sie unter folgendem Link: \u00a0<a href=\"https:\/\/policies.google.com\/technologies\/partner-sites?hl=de\" target=\"_blank\" rel=\"noopener\">https:\/\/policies.google.com\/technologies\/partner-sites?hl=de<\/a>. Darin werden auch M\u00f6glichkeiten beschrieben, wie Sie die Erhebung von Daten durch Google Analytics unterbinden k\u00f6nnen.<\/span><\/p><h1><a><\/a>G. <span>Rechte der betroffenen Person<\/span><\/h1><p><span>Werden personenbezogene Daten von Ihnen verarbeitet, sind Sie Betroffener i.S.d. DSGVO und es stehen Ihnen folgende Rechte gegen\u00fcber dem Verantwortlichen zu:<\/span><\/p><h2>XIV. <span>Auskunftsrecht<\/span><\/h2><p><span>Sie k\u00f6nnen von dem Verantwortlichen eine Best\u00e4tigung dar\u00fcber verlangen, ob personenbezogene Daten, die Sie betreffen, von uns verarbeitet werden. <\/span><\/p><p><span>Liegt eine solche Verarbeitung vor, k\u00f6nnen Sie von dem Verantwortlichen \u00fcber folgende Informationen Auskunft verlangen:<\/span><\/p><p><span>(1)\u00a0\u00a0\u00a0\u00a0\u00a0\u00a0 die Zwecke, zu denen die personenbezogenen Daten verarbeitet werden;<\/span><\/p><p><span>(2)\u00a0\u00a0\u00a0\u00a0\u00a0\u00a0 die Kategorien von personenbezogenen Daten, welche verarbeitet werden;<\/span><\/p><p><span>(3)\u00a0\u00a0\u00a0\u00a0\u00a0\u00a0 die Empf\u00e4nger bzw. die Kategorien von Empf\u00e4ngern, gegen\u00fcber denen die Sie betreffenden personenbezogenen Daten offengelegt wurden oder noch offengelegt werden;<\/span><\/p><p><span>(4)\u00a0\u00a0\u00a0\u00a0\u00a0\u00a0 die geplante Dauer der Speicherung der Sie betreffenden personenbezogenen Daten oder, falls konkrete Angaben hierzu nicht m\u00f6glich sind, Kriterien f\u00fcr die Festlegung der Speicherdauer;<\/span><\/p><p><span>(5)\u00a0\u00a0\u00a0\u00a0\u00a0\u00a0 das Bestehen eines Rechts auf Berichtigung oder L\u00f6schung der Sie betreffenden personenbezogenen Daten, eines Rechts auf Einschr\u00e4nkung der Verarbeitung durch den Verantwortlichen oder eines Widerspruchsrechts gegen diese Verarbeitung; <\/span><\/p><p><span>(6)\u00a0\u00a0\u00a0\u00a0\u00a0\u00a0 das Bestehen eines Beschwerderechts bei einer Aufsichtsbeh\u00f6rde;<\/span><\/p><p><span>(7)\u00a0\u00a0\u00a0\u00a0\u00a0\u00a0 alle verf\u00fcgbaren Informationen \u00fcber die Herkunft der Daten, wenn die personenbezogenen Daten nicht bei der betroffenen Person erhoben werden;<\/span><\/p><p><span>(8)\u00a0\u00a0\u00a0\u00a0\u00a0\u00a0 das Bestehen einer automatisierten Entscheidungsfindung einschliesslich Profiling gem\u00e4ss Art.\u00a022 Abs.\u00a01 und 4 DSGVO und \u2013 zumindest in diesen F\u00e4llen \u2013 aussagekr\u00e4ftige Informationen \u00fcber die involvierte Logik sowie die Tragweite und die angestrebten Auswirkungen einer derartigen Verarbeitung f\u00fcr die betroffene Person.<\/span><\/p><p><span>Ihnen steht das Recht zu, Auskunft dar\u00fcber zu verlangen, ob die Sie betreffenden personenbezogenen Daten in ein Drittland oder an eine internationale Organisation \u00fcbermittelt werden. In diesem Zusammenhang k\u00f6nnen Sie verlangen, \u00fcber die geeigneten Garantien gem. Art.\u00a046 DSGVO im Zusammenhang mit der \u00dcbermittlung unterrichtet zu werden.<\/span><\/p><h2>XV. <span>Recht auf Berichtigung <\/span><\/h2><p><span>Sie haben ein Recht auf Berichtigung und\/oder Vervollst\u00e4ndigung gegen\u00fcber dem Verantwortlichen, sofern die verarbeiteten personenbezogenen Daten, die Sie betreffen, unrichtig oder unvollst\u00e4ndig sind. Der Verantwortliche hat die Berichtigung unverz\u00fcglich vorzunehmen.<\/span><\/p><h2>XVI. <span>Recht auf Einschr\u00e4nkung der Verarbeitung<\/span><\/h2><p><span>Unter den folgenden Voraussetzungen k\u00f6nnen Sie die Einschr\u00e4nkung der Verarbeitung der Sie betreffenden personenbezogenen Daten verlangen:<\/span><\/p><p><span>(1)\u00a0\u00a0\u00a0\u00a0\u00a0\u00a0 wenn Sie die Richtigkeit der Sie betreffenden personenbezogenen f\u00fcr eine Dauer bestreiten, die es dem Verantwortlichen erm\u00f6glicht, die Richtigkeit der personenbezogenen Daten zu \u00fcberpr\u00fcfen;<\/span><\/p><p><span>(2)\u00a0\u00a0\u00a0\u00a0\u00a0\u00a0 die Verarbeitung unrechtm\u00e4ssig ist und Sie die L\u00f6schung der personenbezogenen Daten ablehnen und stattdessen die Einschr\u00e4nkung der Nutzung der personenbezogenen Daten verlangen;<\/span><\/p><p><span>(3)\u00a0\u00a0\u00a0\u00a0\u00a0\u00a0 der Verantwortliche die personenbezogenen Daten f\u00fcr die Zwecke der Verarbeitung nicht l\u00e4nger ben\u00f6tigt, Sie diese jedoch zur Geltendmachung, Aus\u00fcbung oder Verteidigung von Rechtsanspr\u00fcchen ben\u00f6tigen, oder<\/span><\/p><p><span>(4)\u00a0\u00a0\u00a0\u00a0\u00a0\u00a0 wenn Sie Widerspruch gegen die Verarbeitung gem\u00e4ss Art.\u00a021 Abs.\u00a01 DSGVO eingelegt haben und noch nicht feststeht, ob die berechtigten Gr\u00fcnde des Verantwortlichen gegen\u00fcber Ihren Gr\u00fcnden \u00fcberwiegen.<\/span><\/p><p><span>Wurde die Verarbeitung der Sie betreffenden personenbezogenen Daten eingeschr\u00e4nkt, d\u00fcrfen diese Daten \u2013 von ihrer Speicherung abgesehen \u2013 nur mit Ihrer Einwilligung oder zur Geltendmachung, Aus\u00fcbung oder Verteidigung von Rechtsanspr\u00fcchen oder zum Schutz der Rechte einer anderen nat\u00fcrlichen oder juristischen Person oder aus Gr\u00fcnden eines wichtigen \u00f6ffentlichen Interesses der Union oder eines Mitgliedstaats oder der Schweiz verarbeitet werden.<\/span><\/p><p><span>Wurde die Einschr\u00e4nkung der Verarbeitung nach den o.g. Voraussetzungen eingeschr\u00e4nkt, werden Sie von dem Verantwortlichen unterrichtet bevor die Einschr\u00e4nkung aufgehoben wird.<\/span><\/p><h2>XVII. <span>Recht auf L\u00f6schung<\/span><\/h2><h3>1. <span>L\u00f6schungspflicht<\/span><\/h3><p><span>Sie k\u00f6nnen von dem Verantwortlichen verlangen, dass die Sie betreffenden personenbezogenen Daten unverz\u00fcglich gel\u00f6scht werden, und der Verantwortliche ist verpflichtet, diese Daten unverz\u00fcglich zu l\u00f6schen, sofern einer der folgenden Gr\u00fcnde zutrifft:<\/span><\/p><p><span>(1)\u00a0\u00a0\u00a0\u00a0\u00a0\u00a0 Die Sie betreffenden personenbezogenen Daten sind f\u00fcr die Zwecke, f\u00fcr die sie erhoben oder auf sonstige Weise verarbeitet wurden, nicht mehr notwendig.<\/span><\/p><p><span>(2)\u00a0\u00a0\u00a0\u00a0\u00a0\u00a0 Sie widerrufen Ihre Einwilligung, auf die sich die Verarbeitung gem. Art.\u00a06 Abs.\u00a01 lit.\u00a0a oder Art.\u00a09 Abs.\u00a02 lit.\u00a0a DSGVO st\u00fctzte, und es fehlt an einer anderweitigen Rechtsgrundlage f\u00fcr die Verarbeitung. <\/span><\/p><p><span>(3)\u00a0\u00a0\u00a0\u00a0\u00a0\u00a0 Sie legen gem. Art.\u00a021 Abs.\u00a01 DSGVO Widerspruch gegen die Verarbeitung ein und es liegen keine vorrangigen berechtigten Gr\u00fcnde f\u00fcr die Verarbeitung vor, oder Sie legen gem. Art.\u00a021 Abs.\u00a02 DSGVO Widerspruch gegen die Verarbeitung ein. <\/span><\/p><p><span>(4)\u00a0\u00a0\u00a0\u00a0\u00a0\u00a0 Die Sie betreffenden personenbezogenen Daten wurden unrechtm\u00e4ssig verarbeitet. <\/span><\/p><p><span>(5)\u00a0\u00a0\u00a0\u00a0\u00a0\u00a0 Die L\u00f6schung der Sie betreffenden personenbezogenen Daten ist zur Erf\u00fcllung einer rechtlichen Verpflichtung nach dem Unionsrecht oder dem Recht der Mitgliedstaaten oder der Schweiz erforderlich, dem der Verantwortliche unterliegt. <\/span><\/p><p><span>(6)\u00a0\u00a0\u00a0\u00a0\u00a0\u00a0 Die Sie betreffenden personenbezogenen Daten wurden in Bezug auf angebotene Dienste der Informationsgesellschaft gem\u00e4ss Art.\u00a08 Abs.\u00a01 DSGVO erhoben.<\/span><\/p><h3>2. <span>Information an Dritte<\/span><\/h3><p><span>Hat der Verantwortliche die Sie betreffenden personenbezogenen Daten \u00f6ffentlich gemacht und ist er gem. Art.\u00a017 Abs.\u00a01 DSGVO zu deren L\u00f6schung verpflichtet, so trifft er unter Ber\u00fccksichtigung der verf\u00fcgbaren Technologie und der Implementierungskosten angemessene Massnahmen, auch technischer Art, um f\u00fcr die Datenverarbeitung Verantwortliche, die die personenbezogenen Daten verarbeiten, dar\u00fcber zu informieren, dass Sie als betroffene Person von ihnen die L\u00f6schung aller Links zu diesen personenbezogenen Daten oder von Kopien oder Replikationen dieser personenbezogenen Daten verlangt haben. <\/span><\/p><h3>3. <span>Ausnahmen<\/span><\/h3><p><span>Das Recht auf L\u00f6schung besteht nicht, soweit die Verarbeitung erforderlich ist<\/span><\/p><p><span>(1)\u00a0\u00a0\u00a0\u00a0\u00a0\u00a0 zur Aus\u00fcbung des Rechts auf freie Meinungs\u00e4usserung und Information;<\/span><\/p><p><span>(2)\u00a0\u00a0\u00a0\u00a0\u00a0\u00a0 zur Erf\u00fcllung einer rechtlichen Verpflichtung, die die Verarbeitung nach dem Recht der Union oder der Mitgliedstaaten oder der Schweiz, dem der Verantwortliche unterlieg<\/span><span>t, erfordert, oder zur Wahrnehmung einer Aufgabe, die im \u00f6ffentlichen Interesse liegt oder in Aus\u00fcbung \u00f6ffentlicher Gewalt erfolgt, die dem Verantwortlichen \u00fcbertragen wurde;<\/span><\/p><p><span>(3)\u00a0\u00a0\u00a0\u00a0\u00a0\u00a0 aus Gr\u00fcnden des \u00f6ffentlichen Interesses im Bereich der \u00f6ffentlichen Gesundheit gem\u00e4ss Art.\u00a09 Abs.\u00a02 lit.\u00a0h und i sowie Art.\u00a09 Abs.\u00a03 DSGVO;<\/span><\/p><p><span>(4)\u00a0\u00a0\u00a0\u00a0\u00a0\u00a0 f\u00fcr im \u00f6ffentlichen Interesse liegende Archivzwecke, wissenschaftliche oder historische Forschungszwecke oder f\u00fcr statistische Zwecke gem. Art.\u00a089 Abs.\u00a01 DSGVO, soweit das unter Abschnitt a) genannte Recht voraussichtlich die Verwirklichung der Ziele dieser Verarbeitung unm\u00f6glich macht oder ernsthaft beeintr\u00e4chtigt, oder<\/span><\/p><p><span>(5)\u00a0\u00a0\u00a0\u00a0\u00a0\u00a0 zur Geltendmachung, Aus\u00fcbung oder Verteidigung von Rechtsanspr\u00fcchen.<\/span><\/p><h2>XVIII. <span>Recht auf Unterrichtung<\/span><\/h2><p><span>Haben Sie das Recht auf Berichtigung, L\u00f6schung oder Einschr\u00e4nkung der Verarbeitung gegen\u00fcber dem Verantwortlichen geltend gemacht, ist dieser verpflichtet, allen Empf\u00e4ngern, denen die Sie betreffenden personenbezogenen Daten offengelegt wurden, diese Berichtigung oder L\u00f6schung der Daten oder Einschr\u00e4nkung der Verarbeitung mitzuteilen, es sei denn, dies erweist sich als unm\u00f6glich oder ist mit einem unverh\u00e4ltnism\u00e4ssigen Aufwand verbunden.<\/span><\/p><p><span>Ihnen steht gegen\u00fcber dem Verantwortlichen das Recht zu, \u00fcber diese Empf\u00e4nger unterrichtet zu werden.<\/span><\/p><h2>XIX. <span>Recht auf Daten\u00fcbertragbarkeit<\/span><\/h2><p><span>Sie haben das Recht, die Sie betreffenden personenbezogenen Daten, die Sie dem Verantwortlichen bereitgestellt haben, in einem strukturierten, g\u00e4ngigen und maschinenlesbaren Format zu erhalten. Ausserdem haben Sie das Recht diese Daten einem anderen Verantwortlichen ohne Behinderung durch den Verantwortlichen, dem die personenbezogenen Daten bereitgestellt wurden, zu \u00fcbermitteln, sofern<\/span><\/p><p><span>(1)\u00a0\u00a0\u00a0\u00a0\u00a0\u00a0 die Verarbeitung auf einer Einwilligung gem. Art.\u00a06 Abs.\u00a01 lit.\u00a0a DSGVO oder Art.\u00a09 Abs.\u00a02 lit.\u00a0a DSGVO oder auf einem Vertrag gem. Art.\u00a06 Abs.\u00a01 lit.\u00a0b DSGVO beruht und<\/span><\/p><p><span>(2)\u00a0\u00a0\u00a0\u00a0\u00a0\u00a0 die Verarbeitung mithilfe automatisierter Verfahren erfolgt.<\/span><\/p><p><span>In Aus\u00fcbung dieses Rechts haben Sie ferner das Recht, zu erwirken, dass die Sie betreffenden personenbezogenen Daten direkt von einem Verantwortlichen einem anderen Verantwortlichen \u00fcbermittelt werden, soweit dies technisch machbar ist. Freiheiten und Rechte anderer Personen d\u00fcrfen hierdurch nicht beeintr\u00e4chtigt werden.<\/span><\/p><p><span>Das Recht auf Daten\u00fcbertragbarkeit gilt nicht f\u00fcr eine Verarbeitung personenbezogener Daten, die f\u00fcr die Wahrnehmung einer Aufgabe erforderlich ist, die im \u00f6ffentlichen Interesse liegt oder in Aus\u00fcbung \u00f6ffentlicher Gewalt erfolgt, die dem Verantwortlichen \u00fcbertragen wurde.<\/span><\/p><h2>XX. <span>Widerspruchsrecht<\/span><\/h2><p><span>Sie haben das Recht, aus Gr\u00fcnden, die sich aus ihrer besonderen Situation ergeben, jederzeit gegen die Verarbeitung der Sie betreffenden personenbezogenen Daten, die aufgrund von Art.\u00a06 Abs.\u00a01 lit.\u00a0e oder f DSGVO erfolgt, Widerspruch einzulegen; dies gilt auch f\u00fcr ein auf diese Bestimmungen gest\u00fctztes Profiling. <\/span><\/p><p><span>Der Verantwortliche verarbeitet die Sie betreffenden personenbezogenen Daten nicht mehr, es sei denn, er kann zwingende schutzw\u00fcrdige Gr\u00fcnde f\u00fcr die Verarbeitung nachweisen, die Ihre Interessen, Rechte und Freiheiten \u00fcberwiegen, oder die Verarbeitung dient der Geltendmachung, Aus\u00fcbung oder Verteidigung von Rechtsanspr\u00fcchen.<\/span><\/p><p><span>Werden die Sie betreffenden personenbezogenen Daten verarbeitet, um Direktwerbung zu betreiben, haben Sie das Recht, jederzeit Widerspruch gegen die Verarbeitung der Sie betreffenden personenbezogenen Daten zum Zwecke derartiger Werbung einzulegen; dies gilt auch f\u00fcr das Profiling, soweit es mit solcher Direktwerbung in Verbindung steht.<\/span><\/p><p><span>Widersprechen Sie der Verarbeitung f\u00fcr Zwecke der Direktwerbung, so werden die Sie betreffenden personenbezogenen Daten nicht mehr f\u00fcr diese Zwecke verarbeitet.<\/span><\/p><p><span>Sie haben die M\u00f6glichkeit, im Zusammenhang mit der Nutzung von Diensten der Informationsgesellschaft \u2013 ungeachtet der Richtlinie 2002\/58\/EG \u2013 Ihr Widerspruchsrecht mittels automatisierter Verfahren auszu\u00fcben, bei denen technische Spezifikationen verwendet werden.<\/span><\/p><h2>XXI. <span>Recht auf Widerruf der datenschutzrechtlichen Einwilligungserkl\u00e4rung<\/span><\/h2><p><span>Sie haben das Recht, Ihre datenschutzrechtliche Einwilligungserkl\u00e4rung jederzeit zu widerrufen. Durch den Widerruf der Einwilligung wird die Rechtm\u00e4ssigkeit der aufgrund der Einwilligung bis zum Widerruf erfolgten Verarbeitung nicht ber\u00fchrt.<\/span><\/p><h2>XXII. <span>Automatisierte Entscheidung im Einzelfall einschliesslich Profiling<\/span><\/h2><p><span>Sie haben das Recht, nicht einer ausschliesslich auf einer automatisierten Verarbeitung \u2013 einschliesslich Profiling \u2013 beruhenden Entscheidung unterworfen zu werden, die Ihnen gegen\u00fcber rechtliche Wirkung entfaltet oder Sie in \u00e4hnlicher Weise erheblich beeintr\u00e4chtigt. Dies gilt nicht, wenn die Entscheidung <\/span><\/p><p><span>(1)\u00a0\u00a0\u00a0\u00a0\u00a0\u00a0 f\u00fcr den Abschluss oder die Erf\u00fcllung eines Vertrags zwischen Ihnen und dem Verantwortlichen erforderlich ist,<\/span><\/p><p><span>(2)\u00a0\u00a0\u00a0\u00a0\u00a0\u00a0 aufgrund von Rechtsvorschriften der Union oder der Mitgliedstaaten oder der Schweiz, denen der Verantwortliche unterliegt<\/span><span>, zul\u00e4ssig ist und diese Rechtsvorschriften angemessene Massnahmen zur Wahrung Ihrer Rechte und Freiheiten sowie Ihrer berechtigten Interessen enthalten oder<\/span><\/p><p><span>(3)\u00a0\u00a0\u00a0\u00a0\u00a0\u00a0 mit Ihrer ausdr\u00fccklichen Einwilligung erfolgt.<\/span><\/p><p><span>Allerdings d\u00fcrfen diese Entscheidungen nicht auf besonderen Kategorien personenbezogener Daten nach Art.\u00a09 Abs.\u00a01 DSGVO beruhen, sofern nicht Art.\u00a09 Abs.\u00a02 lit.\u00a0a oder g DSGVO gilt und angemessene Massnahmen zum Schutz der Rechte und Freiheiten sowie Ihrer berechtigten Interessen getroffen wurden.<\/span><\/p><p><span>Hinsichtlich der in (1) und (3) genannten F\u00e4lle trifft der Verantwortliche angemessene Massnahmen, um die Rechte und Freiheiten sowie Ihre berechtigten Interessen zu wahren, wozu mindestens das Recht auf Erwirkung des Eingreifens einer Person seitens des Verantwortlichen, auf Darlegung des eigenen Standpunkts und auf Anfechtung der Entscheidung geh\u00f6rt.<\/span><\/p><h2>XXIII. <span>Recht auf Beschwerde bei einer Aufsichtsbeh\u00f6rde<\/span><\/h2><p><span>Unbeschadet eines anderweitigen verwaltungsrechtlichen oder gerichtlichen Rechtsbehelfs steht Ihnen das Recht auf Beschwerde bei einer Aufsichtsbeh\u00f6rde, insbesondere in dem Mitgliedstaat ihres Aufenthaltsorts oder der Schweiz, ihres Arbeitsplatzes oder des Orts des mutmasslichen Verstosses, zu, wenn Sie der Ansicht sind, dass die Verarbeitung der Sie betreffenden personenbezogenen Daten gegen die DSGVO verst\u00f6sst. <\/span><\/p><p><span>Die Aufsichtsbeh\u00f6rde, bei der die Beschwerde eingereicht wurde, unterrichtet den Beschwerdef\u00fchrer \u00fcber den Stand und die Ergebnisse der Beschwerde einschliesslich der M\u00f6glichkeit eines gerichtlichen Rechtsbehelfs nach Art.\u00a078 DSGVO.\u00a0<\/span><\/p>\t\t\t\t\t\t\t\t<\/div>\n\t\t\t\t<\/div>\n\t\t\t\t<div class=\"elementor-element elementor-element-5e15eb8 elementor-widget elementor-widget-spacer\" data-id=\"5e15eb8\" data-element_type=\"widget\" data-e-type=\"widget\" data-widget_type=\"spacer.default\">\n\t\t\t\t<div class=\"elementor-widget-container\">\n\t\t\t\t\t\t\t<div class=\"elementor-spacer\">\n\t\t\t<div class=\"elementor-spacer-inner\"><\/div>\n\t\t<\/div>\n\t\t\t\t\t\t<\/div>\n\t\t\t\t<\/div>\n\t\t\t\t<div class=\"elementor-element elementor-element-e362430 elementor-widget elementor-widget-text-editor\" data-id=\"e362430\" data-element_type=\"widget\" data-e-type=\"widget\" data-widget_type=\"text-editor.default\">\n\t\t\t\t<div class=\"elementor-widget-container\">\n\t\t\t\t\t\t\t\t\t<p><a href=\"https:\/\/clever.care\">&lt;&lt; Zur\u00fcck zur Startseite<\/a><\/p>\t\t\t\t\t\t\t\t<\/div>\n\t\t\t\t<\/div>\n\t\t\t\t\t<\/div>\n\t\t<\/div>\n\t\t\t\t\t<\/div>\n\t\t<\/section>\n\t\t\t\t<section class=\"elementor-section elementor-top-section elementor-element elementor-element-f993b1f elementor-section-stretched elementor-section-boxed elementor-section-height-default elementor-section-height-default\" data-id=\"f993b1f\" data-element_type=\"section\" data-e-type=\"section\" data-settings=\"{&quot;stretch_section&quot;:&quot;section-stretched&quot;,&quot;_ha_eqh_enable&quot;:false}\">\n\t\t\t\t\t\t<div class=\"elementor-container elementor-column-gap-default\">\n\t\t\t\t\t<div class=\"elementor-column elementor-col-25 elementor-top-column elementor-element elementor-element-affea67\" data-id=\"affea67\" data-element_type=\"column\" data-e-type=\"column\">\n\t\t\t<div class=\"elementor-widget-wrap elementor-element-populated\">\n\t\t\t\t\t\t<div class=\"elementor-element elementor-element-344c4ec elementor-widget elementor-widget-text-editor\" data-id=\"344c4ec\" data-element_type=\"widget\" data-e-type=\"widget\" data-widget_type=\"text-editor.default\">\n\t\t\t\t<div class=\"elementor-widget-container\">\n\t\t\t\t\t\t\t\t\t<p><b>Clever.Care AG<\/b><br \/><span>Breisacherstrasse 43a<\/span><br \/>CH-4057 Basel<\/p>\t\t\t\t\t\t\t\t<\/div>\n\t\t\t\t<\/div>\n\t\t\t\t<div class=\"elementor-element elementor-element-a995136 elementor-shape-circle e-grid-align-left elementor-grid-0 elementor-widget elementor-widget-social-icons\" data-id=\"a995136\" data-element_type=\"widget\" data-e-type=\"widget\" data-widget_type=\"social-icons.default\">\n\t\t\t\t<div class=\"elementor-widget-container\">\n\t\t\t\t\t\t\t<div class=\"elementor-social-icons-wrapper elementor-grid\" role=\"list\">\n\t\t\t\t\t\t\t<span class=\"elementor-grid-item\" role=\"listitem\">\n\t\t\t\t\t<a class=\"elementor-icon elementor-social-icon elementor-social-icon-linkedin elementor-repeater-item-e4eba84\" href=\"https:\/\/www.linkedin.com\/company\/clevercareag\" target=\"_blank\">\n\t\t\t\t\t\t<span class=\"elementor-screen-only\">Linkedin<\/span>\n\t\t\t\t\t\t<i aria-hidden=\"true\" class=\"fab fa-linkedin\"><\/i>\t\t\t\t\t<\/a>\n\t\t\t\t<\/span>\n\t\t\t\t\t\t\t<span class=\"elementor-grid-item\" role=\"listitem\">\n\t\t\t\t\t<a class=\"elementor-icon elementor-social-icon elementor-social-icon-twitter elementor-repeater-item-b59d660\" href=\"https:\/\/twitter.com\/CleverCare1\" target=\"_blank\">\n\t\t\t\t\t\t<span class=\"elementor-screen-only\">Twitter<\/span>\n\t\t\t\t\t\t<i aria-hidden=\"true\" class=\"fab fa-twitter\"><\/i>\t\t\t\t\t<\/a>\n\t\t\t\t<\/span>\n\t\t\t\t\t<\/div>\n\t\t\t\t\t\t<\/div>\n\t\t\t\t<\/div>\n\t\t\t\t\t<\/div>\n\t\t<\/div>\n\t\t\t\t<div class=\"elementor-column elementor-col-25 elementor-top-column elementor-element elementor-element-2e65df6 elementor-hidden-tablet elementor-hidden-phone\" data-id=\"2e65df6\" data-element_type=\"column\" data-e-type=\"column\">\n\t\t\t<div class=\"elementor-widget-wrap\">\n\t\t\t\t\t\t\t<\/div>\n\t\t<\/div>\n\t\t\t\t<div class=\"elementor-column elementor-col-25 elementor-top-column elementor-element elementor-element-8cab032 elementor-hidden-tablet elementor-hidden-phone\" data-id=\"8cab032\" data-element_type=\"column\" data-e-type=\"column\">\n\t\t\t<div class=\"elementor-widget-wrap\">\n\t\t\t\t\t\t\t<\/div>\n\t\t<\/div>\n\t\t\t\t<div class=\"elementor-column elementor-col-25 elementor-top-column elementor-element elementor-element-8551c84\" data-id=\"8551c84\" data-element_type=\"column\" data-e-type=\"column\">\n\t\t\t<div class=\"elementor-widget-wrap elementor-element-populated\">\n\t\t\t\t\t\t<div class=\"elementor-element elementor-element-fb2d83e elementor-widget elementor-widget-sidebar\" data-id=\"fb2d83e\" data-element_type=\"widget\" data-e-type=\"widget\" data-widget_type=\"sidebar.default\">\n\t\t\t\t<div class=\"elementor-widget-container\">\n\t\t\t\t\t<aside id=\"nav_menu-2\" class=\"widget widget_nav_menu\"><div class=\"menu-footer-menu-container\"><ul id=\"menu-footer-menu\" class=\"menu\"><li id=\"menu-item-4336\" class=\"menu-item menu-item-type-post_type menu-item-object-page menu-item-privacy-policy menu-item-4336\"><a rel=\"privacy-policy\" href=\"https:\/\/clever.care\/de\/datenschutzerklaerung\/\">Datenschutzerkl\u00e4rung<\/a><\/li>\n<li id=\"menu-item-4335\" class=\"menu-item menu-item-type-post_type menu-item-object-page menu-item-4335\"><a href=\"https:\/\/clever.care\/de\/impressum\/\">Impressum<\/a><\/li>\n<li id=\"menu-item-wpml-ls-31-fr\" class=\"menu-item wpml-ls-slot-31 wpml-ls-item wpml-ls-item-fr wpml-ls-menu-item wpml-ls-first-item menu-item-type-wpml_ls_menu_item menu-item-object-wpml_ls_menu_item menu-item-wpml-ls-31-fr\"><a href=\"https:\/\/clever.care\/fr\/\" title=\"Wechseln zu Fran\u00e7ais\" aria-label=\"Wechseln zu Fran\u00e7ais\"><span class=\"wpml-ls-native\" lang=\"fr\">Fran\u00e7ais<\/span><\/a><\/li>\n<li id=\"menu-item-wpml-ls-31-en\" class=\"menu-item wpml-ls-slot-31 wpml-ls-item wpml-ls-item-en wpml-ls-menu-item wpml-ls-last-item menu-item-type-wpml_ls_menu_item menu-item-object-wpml_ls_menu_item menu-item-wpml-ls-31-en\"><a href=\"https:\/\/clever.care\/en\/\" title=\"Wechseln zu English\" aria-label=\"Wechseln zu English\"><span class=\"wpml-ls-native\" lang=\"en\">English<\/span><\/a><\/li>\n<\/ul><\/div><\/aside>\t\t\t\t<\/div>\n\t\t\t\t<\/div>\n\t\t\t\t\t<\/div>\n\t\t<\/div>\n\t\t\t\t\t<\/div>\n\t\t<\/section>\n\t\t\t\t<\/div>\n\t\t","protected":false},"excerpt":{"rendered":"<p>Version September 2019 Datenschutzerkl\u00e4rung nach der DSGVO \u00dcberblick A. Name und Anschrift des VerantwortlichenB. Name und Anschrift des DatenschutzbeauftragtenC. Allgemeines zur DatenverarbeitungD. Verwendung von CookiesE. Kontaktformular und E-Mail-KontaktF. Webanalyse durch Google AnalyticsG. Rechte der betroffenen Person\u00a0 A.\u00a0Name und Anschrift des Verantwortlichen Der Verantwortliche im Sinne der Datenschutz-Grundverordnung und anderer nationaler [&hellip;]<\/p>\n","protected":false},"author":3,"featured_media":0,"parent":0,"menu_order":0,"comment_status":"closed","ping_status":"open","template":"","meta":{"footnotes":""},"class_list":["post-3","page","type-page","status-publish","hentry"],"_links":{"self":[{"href":"https:\/\/clever.care\/de\/wp-json\/wp\/v2\/pages\/3","targetHints":{"allow":["GET"]}}],"collection":[{"href":"https:\/\/clever.care\/de\/wp-json\/wp\/v2\/pages"}],"about":[{"href":"https:\/\/clever.care\/de\/wp-json\/wp\/v2\/types\/page"}],"author":[{"embeddable":true,"href":"https:\/\/clever.care\/de\/wp-json\/wp\/v2\/users\/3"}],"replies":[{"embeddable":true,"href":"https:\/\/clever.care\/de\/wp-json\/wp\/v2\/comments?post=3"}],"version-history":[{"count":9,"href":"https:\/\/clever.care\/de\/wp-json\/wp\/v2\/pages\/3\/revisions"}],"predecessor-version":[{"id":6541,"href":"https:\/\/clever.care\/de\/wp-json\/wp\/v2\/pages\/3\/revisions\/6541"}],"wp:attachment":[{"href":"https:\/\/clever.care\/de\/wp-json\/wp\/v2\/media?parent=3"}],"curies":[{"name":"wp","href":"https:\/\/api.w.org\/{rel}","templated":true}]}}